{"id":379,"date":"2020-12-17T22:07:44","date_gmt":"2020-12-17T21:07:44","guid":{"rendered":"https:\/\/test.forumprowallisellen.ch\/wordpress\/?post_type=team&#038;p=379"},"modified":"2026-01-10T19:39:28","modified_gmt":"2026-01-10T18:39:28","slug":"boris-schwank","status":"publish","type":"team","link":"https:\/\/www.forumprowallisellen.ch\/index.php\/team\/boris-schwank\/","title":{"rendered":"Boris Schwank"},"content":{"rendered":"<p>Ich bin in D\u00fcbendorf aufgewachsen, seit 2003 in Wallisellen zu Hause. Ehemann, Vater von zwei jungen erwachsenen T\u00f6chtern. Beruflich bin ich in der Maschinenindustrie t\u00e4tig.<\/p>\n<p>Mein Antrieb, sich in der Lokal-Politik einzusetzen, liegt darin, dass ich glaube, dass sich auch im Kleinen Grosses bewegen l\u00e4sst. Aus diesem Grund bin ich der \u00fcberzeugung, dass wir lokal handeln m\u00fcssen, mit nachhaltigen Werten und sozialer Verantwortung. Gerne setze ich mich f\u00fcr solche Ziele in der Gesellschaft ein und hoffe, damit einen positiven Beitrag zu leisten.<\/p>\n","protected":false},"author":1,"featured_media":925,"menu_order":6,"template":"","team_designation":[],"team_department":[],"class_list":["post-379","team","type-team","status-publish","has-post-thumbnail","hentry"],"_links":{"self":[{"href":"https:\/\/www.forumprowallisellen.ch\/index.php\/wp-json\/wp\/v2\/team\/379","targetHints":{"allow":["GET"]}}],"collection":[{"href":"https:\/\/www.forumprowallisellen.ch\/index.php\/wp-json\/wp\/v2\/team"}],"about":[{"href":"https:\/\/www.forumprowallisellen.ch\/index.php\/wp-json\/wp\/v2\/types\/team"}],"author":[{"embeddable":true,"href":"https:\/\/www.forumprowallisellen.ch\/index.php\/wp-json\/wp\/v2\/users\/1"}],"wp:featuredmedia":[{"embeddable":true,"href":"https:\/\/www.forumprowallisellen.ch\/index.php\/wp-json\/wp\/v2\/media\/925"}],"wp:attachment":[{"href":"https:\/\/www.forumprowallisellen.ch\/index.php\/wp-json\/wp\/v2\/media?parent=379"}],"wp:term":[{"taxonomy":"team_designation","embeddable":true,"href":"https:\/\/www.forumprowallisellen.ch\/index.php\/wp-json\/wp\/v2\/team_designation?post=379"},{"taxonomy":"team_department","embeddable":true,"href":"https:\/\/www.forumprowallisellen.ch\/index.php\/wp-json\/wp\/v2\/team_department?post=379"}],"curies":[{"name":"wp","href":"https:\/\/api.w.org\/{rel}","templated":true}]}}